{"id":59,"date":"2020-09-18T22:35:37","date_gmt":"2020-09-18T22:35:37","guid":{"rendered":"http:\/\/dadamhermanos.com.ar\/web\/?page_id=59"},"modified":"2020-09-24T11:47:41","modified_gmt":"2020-09-24T11:47:41","slug":"59-2","status":"publish","type":"page","link":"http:\/\/dadamhermanos.com.ar\/web\/","title":{"rendered":"Dadam Hermanos"},"content":{"rendered":"<p>[et_pb_section fb_built=\u00bb1&#8243; disabled_on=\u00bboff|off|on\u00bb _builder_version=\u00bb4.6.2&#8243; _module_preset=\u00bb8bfb0ac3-f6b1-43fe-958b-82dce3d9caff\u00bb background_color=\u00bbrgba(101,156,212,0.86)\u00bb background_image=\u00bbhttp:\/\/dadamhermanos.com.ar\/web\/wp-content\/uploads\/2020\/09\/Foto-quienes-somos.png\u00bb parallax=\u00bbon\u00bb max_width=\u00bb100%\u00bb min_height=\u00bb848px\u00bb bottom_divider_style=\u00bbslant2&#8243; bottom_divider_color=\u00bb#ffffff\u00bb bottom_divider_height=\u00bb150px\u00bb hover_enabled=\u00bb0&#8243; sticky_enabled=\u00bb0&#8243;][et_pb_row disabled_on=\u00bboff|off|on\u00bb _builder_version=\u00bb4.6.2&#8243; _module_preset=\u00bbdefault\u00bb background_color=\u00bbrgba(0,0,0,0)\u00bb width=\u00bb100%\u00bb max_width=\u00bb80%\u00bb min_height=\u00bb444px\u00bb custom_padding=\u00bb0px||5px|||\u00bb][et_pb_column type=\u00bb4_4&#8243; _builder_version=\u00bb4.6.1&#8243; _module_preset=\u00bbdefault\u00bb][et_pb_image src=\u00bbhttp:\/\/dadamhermanos.com.ar\/web\/wp-content\/uploads\/2020\/09\/Logo-completo-grande.png\u00bb title_text=\u00bbLogo completo grande\u00bb align=\u00bbcenter\u00bb _builder_version=\u00bb4.6.2&#8243; _module_preset=\u00bbdefault\u00bb][\/et_pb_image][\/et_pb_column][\/et_pb_row][\/et_pb_section][et_pb_section fb_built=\u00bb1&#8243; module_id=\u00bbSomos\u00bb _builder_version=\u00bb4.6.2&#8243; _module_preset=\u00bb8bfb0ac3-f6b1-43fe-958b-82dce3d9caff\u00bb background_color=\u00bbrgba(101,156,212,0.86)\u00bb background_image=\u00bbhttp:\/\/dadamhermanos.com.ar\/web\/wp-content\/uploads\/2020\/09\/Foto-quienes-somos.png\u00bb parallax=\u00bbon\u00bb max_width=\u00bb100%\u00bb min_height=\u00bb848px\u00bb bottom_divider_style=\u00bbslant2&#8243; bottom_divider_color=\u00bb#ffffff\u00bb bottom_divider_height=\u00bb150px\u00bb][et_pb_row column_structure=\u00bb2_3,1_3&#8243; _builder_version=\u00bb4.6.1&#8243; _module_preset=\u00bbdefault\u00bb background_color=\u00bbrgba(0,0,0,0)\u00bb width=\u00bb100%\u00bb max_width=\u00bb80%\u00bb min_height=\u00bb444px\u00bb custom_padding=\u00bb0px||5px|||\u00bb][et_pb_column type=\u00bb2_3&#8243; _builder_version=\u00bb4.6.1&#8243; _module_preset=\u00bbdefault\u00bb][et_pb_image src=\u00bbhttp:\/\/dadamhermanos.com.ar\/web\/wp-content\/uploads\/2020\/09\/Quienes-somos.png\u00bb title_text=\u00bbQuienes somos\u00bb src_tablet=\u00bb\u00bb src_phone=\u00bb\u00bb src_last_edited=\u00bbon|tablet\u00bb disabled_on=\u00bboff|off|off\u00bb _builder_version=\u00bb4.6.2&#8243; _module_preset=\u00bbdefault\u00bb width=\u00bb100%\u00bb max_width_tablet=\u00bb\u00bb max_width_phone=\u00bb\u00bb max_width_last_edited=\u00bbon|tablet\u00bb custom_padding=\u00bb|236px|26px|||\u00bb custom_padding_tablet=\u00bb|0px|||false|false\u00bb custom_padding_phone=\u00bb\u00bb custom_padding_last_edited=\u00bbon|tablet\u00bb][\/et_pb_image][et_pb_text _builder_version=\u00bb4.6.2&#8243; _module_preset=\u00bbdefault\u00bb text_text_color=\u00bb#000000&#8243; background_color=\u00bbrgba(255,255,255,0.71)\u00bb border_width_all=\u00bb20px\u00bb border_color_all=\u00bbrgba(0,0,0,0)\u00bb]<\/p>\n<p style=\"text-align: justify;\"><span style=\"font-family: inherit; font-weight: normal; font-size: large;\">DADAM HERMANOS es una empresa de origen familiar que comenz\u00f3 con la provisi\u00f3n de aridos y el movimiento de suelos.<\/span><\/p>\n<p style=\"text-align: justify;\"><span style=\"font-family: inherit; font-weight: normal; font-size: large;\">A lo largo de los a\u00f1os y manteniendo los mismos valores con que fue fundada, fue incorporando equipamiento y experiencia que le permiti\u00f3 afianzarse como proveedor de servicios tanto en el plano industrial como en el residencial.<\/span><\/p>\n<p style=\"text-align: justify;\"><span style=\"font-family: inherit; font-weight: normal; font-size: large;\">Ha participado en innumerables licitaciones publico-privadas, demostrando estar a la altura de las mas altas exigencias de las empresas de clase mundial.<\/span><\/p>\n<p style=\"text-align: justify;\"><span style=\"font-size: large;\"><strong><span style=\"font-family: inherit;\">En la actualidad podemos brindar servicios de:<\/span><\/strong><\/span><\/p>\n<ul>\n<li style=\"text-align: justify;\"><span style=\"font-family: inherit; font-weight: normal; font-size: large;\">Estudio, movimiento, nivelaci\u00f3n y compactaci\u00f3n de suelos.<\/span><\/li>\n<li style=\"text-align: justify;\"><span style=\"font-family: inherit; font-weight: normal; font-size: large;\">Zanjeo y Excavaci\u00f3n<\/span><\/li>\n<li style=\"text-align: justify;\"><span style=\"font-family: inherit; font-weight: normal; font-size: large;\">Venta de \u00e1ridos lavados<\/span><\/li>\n<li style=\"text-align: justify;\"><span style=\"font-family: inherit; font-weight: normal; font-size: large;\">Montaje de cargas pesadas<\/span><\/li>\n<li style=\"text-align: justify;\"><span style=\"font-family: inherit; font-weight: normal; font-size: large;\">Demolici\u00f3n<\/span><\/li>\n<li style=\"text-align: justify;\"><span style=\"font-family: inherit; font-weight: normal; font-size: large;\">Alquiler de contenedores<\/span><\/li>\n<\/ul>\n<p>[\/et_pb_text][\/et_pb_column][et_pb_column type=\u00bb1_3&#8243; _builder_version=\u00bb4.6.1&#8243; _module_preset=\u00bbdefault\u00bb][et_pb_image src=\u00bbhttp:\/\/dadamhermanos.com.ar\/web\/wp-content\/uploads\/2020\/09\/Logo-completo.png\u00bb title_text=\u00bbLogo completo\u00bb align=\u00bbcenter\u00bb force_fullwidth=\u00bbon\u00bb disabled_on=\u00bbon|on|off\u00bb _builder_version=\u00bb4.6.2&#8243; _module_preset=\u00bbdefault\u00bb scroll_vertical_motion_enable=\u00bbon\u00bb scroll_vertical_motion=\u00bb0|100|100|100|4|0|-4&#8243; border_width_all=\u00bb48px\u00bb border_color_all=\u00bbrgba(0,0,0,0)\u00bb][\/et_pb_image][\/et_pb_column][\/et_pb_row][et_pb_row _builder_version=\u00bb4.6.2&#8243; _module_preset=\u00bbdefault\u00bb][et_pb_column type=\u00bb4_4&#8243; _builder_version=\u00bb4.6.2&#8243; _module_preset=\u00bbdefault\u00bb][\/et_pb_column][\/et_pb_row][\/et_pb_section][et_pb_section fb_built=\u00bb1&#8243; module_id=\u00bbMovimiento\u00bb _builder_version=\u00bb4.6.2&#8243; _module_preset=\u00bb8bfb0ac3-f6b1-43fe-958b-82dce3d9caff\u00bb background_color=\u00bbrgba(101,156,212,0.8)\u00bb background_image=\u00bbhttp:\/\/dadamhermanos.com.ar\/web\/wp-content\/uploads\/2020\/09\/Fondo-movimiento-de-suelos.png\u00bb parallax=\u00bbon\u00bb max_width=\u00bb100%\u00bb min_height=\u00bb699px\u00bb bottom_divider_style=\u00bbslant2&#8243; bottom_divider_color=\u00bb#ffffff\u00bb bottom_divider_height=\u00bb150px\u00bb][et_pb_row column_structure=\u00bb3_5,2_5&#8243; _builder_version=\u00bb4.6.2&#8243; _module_preset=\u00bbdefault\u00bb background_color=\u00bbrgba(0,0,0,0)\u00bb width=\u00bb100%\u00bb max_width=\u00bb80%\u00bb min_height=\u00bb117px\u00bb custom_padding=\u00bb0px||5px|||\u00bb][et_pb_column type=\u00bb3_5&#8243; _builder_version=\u00bb4.6.1&#8243; _module_preset=\u00bbdefault\u00bb][et_pb_image src=\u00bbhttp:\/\/dadamhermanos.com.ar\/web\/wp-content\/uploads\/2020\/09\/Movimiento-de-suelo.png\u00bb title_text=\u00bbMovimiento de suelo\u00bb _builder_version=\u00bb4.6.2&#8243; _module_preset=\u00bbdefault\u00bb custom_padding=\u00bb|130px|26px|||\u00bb custom_padding_tablet=\u00bb|0px|||false|false\u00bb custom_padding_phone=\u00bb\u00bb custom_padding_last_edited=\u00bbon|tablet\u00bb][\/et_pb_image][et_pb_text _builder_version=\u00bb4.6.2&#8243; _module_preset=\u00bbdefault\u00bb text_text_color=\u00bb#000000&#8243; text_font_size=\u00bb17px\u00bb background_color=\u00bbrgba(255,255,255,0.7)\u00bb custom_padding=\u00bb1px||0px|||\u00bb border_width_all=\u00bb20px\u00bb border_color_all=\u00bbrgba(0,0,0,0)\u00bb]<\/p>\n<p style=\"text-align: justify;\"><span style=\"color: #000000;\">El movimiento de suelos es la base de desarrollo de proyectos urbanos, viales e industriales.<\/span><br \/> <span style=\"color: #000000;\"> Nuestra experiencia y equipamiento nos permiten atender esa diversidad de aplicaciones.<\/span><br \/> <span style=\"color: #ffffff;\"><span style=\"color: #000000;\"> Brindamos servicios de acuerdo a la necesidad del cliente, usando la maquinaria adecuada para cada caso.<\/span><\/span><\/p>\n<p>[\/et_pb_text][\/et_pb_column][et_pb_column type=\u00bb2_5&#8243; _builder_version=\u00bb4.6.1&#8243; _module_preset=\u00bbdefault\u00bb][et_pb_slider show_pagination=\u00bboff\u00bb _builder_version=\u00bb4.6.2&#8243; _module_preset=\u00bbdefault\u00bb background_color=\u00bbrgba(0,0,0,0)\u00bb width=\u00bb100%\u00bb min_height=\u00bb449px\u00bb custom_padding=\u00bb||0px|0px||\u00bb auto=\u00bbon\u00bb][et_pb_slide _builder_version=\u00bb4.6.2&#8243; _module_preset=\u00bbdefault\u00bb background_color=\u00bbrgba(0,0,0,0)\u00bb background_enable_color=\u00bbon\u00bb background_image=\u00bbhttp:\/\/dadamhermanos.com.ar\/web\/wp-content\/uploads\/2020\/09\/Movimiento-de-suelo-3.png\u00bb background_enable_image=\u00bbon\u00bb background_size=\u00bbcontain\u00bb sticky_transition=\u00bbon\u00bb][\/et_pb_slide][et_pb_slide _builder_version=\u00bb4.6.2&#8243; _module_preset=\u00bbdefault\u00bb background_color=\u00bbrgba(0,0,0,0)\u00bb background_enable_color=\u00bbon\u00bb background_image=\u00bbhttp:\/\/dadamhermanos.com.ar\/web\/wp-content\/uploads\/2020\/09\/Movimiento-de-suelo-2.png\u00bb background_enable_image=\u00bbon\u00bb background_size=\u00bbcontain\u00bb sticky_transition=\u00bbon\u00bb][\/et_pb_slide][et_pb_slide _builder_version=\u00bb4.6.2&#8243; _module_preset=\u00bbdefault\u00bb background_color=\u00bbrgba(0,0,0,0)\u00bb background_enable_color=\u00bbon\u00bb background_image=\u00bbhttp:\/\/dadamhermanos.com.ar\/web\/wp-content\/uploads\/2020\/09\/Movimiento-de-suelo-1-1.png\u00bb background_enable_image=\u00bbon\u00bb background_size=\u00bbcontain\u00bb sticky_transition=\u00bbon\u00bb][\/et_pb_slide][\/et_pb_slider][\/et_pb_column][\/et_pb_row][et_pb_row _builder_version=\u00bb4.6.2&#8243; _module_preset=\u00bbdefault\u00bb][et_pb_column type=\u00bb4_4&#8243; _builder_version=\u00bb4.6.2&#8243; _module_preset=\u00bbdefault\u00bb][\/et_pb_column][\/et_pb_row][et_pb_row _builder_version=\u00bb4.6.2&#8243; _module_preset=\u00bbdefault\u00bb][et_pb_column type=\u00bb4_4&#8243; _builder_version=\u00bb4.6.2&#8243; _module_preset=\u00bbdefault\u00bb][et_pb_button button_url=\u00bb#Somos\u00bb button_text=\u00bbArriba\u00bb button_alignment=\u00bbright\u00bb _builder_version=\u00bb4.6.2&#8243; _module_preset=\u00bbdefault\u00bb custom_button=\u00bbon\u00bb button_text_color=\u00bb#ffffff\u00bb button_icon=\u00bb%%29%%\u00bb][\/et_pb_button][\/et_pb_column][\/et_pb_row][\/et_pb_section][et_pb_section fb_built=\u00bb1&#8243; module_id=\u00bbTrabajos\u00bb _builder_version=\u00bb4.6.2&#8243; _module_preset=\u00bb_initial\u00bb background_color=\u00bbrgba(101,156,212,0.8)\u00bb background_image=\u00bbhttp:\/\/dadamhermanos.com.ar\/web\/wp-content\/uploads\/2020\/09\/Fondo-Nuestros-trabajos.png\u00bb parallax=\u00bbon\u00bb max_width=\u00bb100%\u00bb min_height=\u00bb525px\u00bb bottom_divider_style=\u00bbslant2&#8243; bottom_divider_color=\u00bb#ffffff\u00bb bottom_divider_height=\u00bb150px\u00bb][et_pb_row column_structure=\u00bb3_5,2_5&#8243; _builder_version=\u00bb4.6.2&#8243; _module_preset=\u00bbdefault\u00bb background_color=\u00bbrgba(0,0,0,0)\u00bb width=\u00bb100%\u00bb max_width=\u00bb80%\u00bb min_height=\u00bb117px\u00bb custom_padding=\u00bb0px||5px|||\u00bb][et_pb_column type=\u00bb3_5&#8243; _builder_version=\u00bb4.6.1&#8243; _module_preset=\u00bbdefault\u00bb][et_pb_image src=\u00bbhttp:\/\/dadamhermanos.com.ar\/web\/wp-content\/uploads\/2020\/09\/Nuestros-trabajos.png\u00bb title_text=\u00bbNuestros trabajos\u00bb _builder_version=\u00bb4.6.2&#8243; _module_preset=\u00bbdefault\u00bb custom_padding=\u00bb|130px|26px|||\u00bb custom_padding_tablet=\u00bb|0px|||false|false\u00bb custom_padding_phone=\u00bb\u00bb custom_padding_last_edited=\u00bbon|tablet\u00bb][\/et_pb_image][et_pb_text _builder_version=\u00bb4.6.2&#8243; _module_preset=\u00bbdefault\u00bb text_text_color=\u00bb#000000&#8243; text_font_size=\u00bb17px\u00bb background_color=\u00bbrgba(255,255,255,0.7)\u00bb custom_padding=\u00bb1px||0px|||\u00bb border_width_all=\u00bb20px\u00bb border_color_all=\u00bbrgba(0,0,0,0)\u00bb]<\/p>\n<p style=\"text-align: justify;\">El movimiento de suelos es la base de desarrollo de proyectos urbanos, viales e industriales.<br \/> Nuestra experiencia y equipamiento nos permiten atender esa diversidad de aplicaciones.<br \/> Brindamos servicios de acuerdo a la necesidad del cliente, usando la maquinaria adecuada para cada caso.<\/p>\n<p>[\/et_pb_text][\/et_pb_column][et_pb_column type=\u00bb2_5&#8243; _builder_version=\u00bb4.6.1&#8243; _module_preset=\u00bbdefault\u00bb][et_pb_slider show_pagination=\u00bboff\u00bb _builder_version=\u00bb4.6.2&#8243; _module_preset=\u00bbdefault\u00bb header_font_size=\u00bb36px\u00bb background_color=\u00bbrgba(0,0,0,0)\u00bb width=\u00bb100%\u00bb min_height=\u00bb449px\u00bb custom_padding=\u00bb||0px|0px||\u00bb auto=\u00bbon\u00bb header_font_size_tablet=\u00bb\u00bb header_font_size_phone=\u00bb\u00bb header_font_size_last_edited=\u00bbon|desktop\u00bb][et_pb_slide heading=\u00bbIzamiento de Cargas\u00bb _builder_version=\u00bb4.6.2&#8243; _module_preset=\u00bbdefault\u00bb header_level=\u00bbh3&#8243; header_font=\u00bb|600|||||||\u00bb background_color=\u00bbrgba(0,0,0,0)\u00bb background_enable_color=\u00bbon\u00bb background_image=\u00bbhttp:\/\/dadamhermanos.com.ar\/web\/wp-content\/uploads\/2020\/09\/Izamiento-de-cargas.png\u00bb background_enable_image=\u00bbon\u00bb background_size=\u00bbcontain\u00bb text_orientation=\u00bbcenter\u00bb header_text_align_tablet=\u00bb\u00bb header_text_align_phone=\u00bb\u00bb header_text_align_last_edited=\u00bbon|desktop\u00bb text_shadow_style=\u00bbpreset2&#8243; sticky_transition=\u00bbon\u00bb][\/et_pb_slide][et_pb_slide heading=\u00bbTransporte de Cargas Pesadas\u00bb _builder_version=\u00bb4.6.2&#8243; _module_preset=\u00bbdefault\u00bb header_level=\u00bbh3&#8243; header_font=\u00bb|600|||||||\u00bb header_text_align=\u00bbcenter\u00bb background_color=\u00bbrgba(0,0,0,0)\u00bb background_enable_color=\u00bbon\u00bb background_image=\u00bbhttp:\/\/dadamhermanos.com.ar\/web\/wp-content\/uploads\/2020\/09\/Transporte-de-cargas-pesadas.png\u00bb background_enable_image=\u00bbon\u00bb background_size=\u00bbcontain\u00bb text_orientation=\u00bbcenter\u00bb text_shadow_style=\u00bbpreset2&#8243; sticky_transition=\u00bbon\u00bb][\/et_pb_slide][et_pb_slide heading=\u00bbDemoliciones\u00bb _builder_version=\u00bb4.6.2&#8243; _module_preset=\u00bbdefault\u00bb header_level=\u00bbh3&#8243; header_font=\u00bb|600|||||||\u00bb background_color=\u00bbrgba(0,0,0,0)\u00bb background_enable_color=\u00bbon\u00bb background_image=\u00bbhttp:\/\/dadamhermanos.com.ar\/web\/wp-content\/uploads\/2020\/09\/Demoliciones.png\u00bb background_enable_image=\u00bbon\u00bb background_size=\u00bbcontain\u00bb text_orientation=\u00bbcenter\u00bb text_shadow_style=\u00bbpreset2&#8243; sticky_transition=\u00bbon\u00bb][\/et_pb_slide][\/et_pb_slider][\/et_pb_column][\/et_pb_row][et_pb_row _builder_version=\u00bb4.6.2&#8243; _module_preset=\u00bbdefault\u00bb][et_pb_column type=\u00bb4_4&#8243; _builder_version=\u00bb4.6.2&#8243; _module_preset=\u00bbdefault\u00bb][\/et_pb_column][\/et_pb_row][et_pb_row _builder_version=\u00bb4.6.2&#8243; _module_preset=\u00bbdefault\u00bb][et_pb_column type=\u00bb4_4&#8243; _builder_version=\u00bb4.6.2&#8243; _module_preset=\u00bbdefault\u00bb][et_pb_button button_url=\u00bb#Somos\u00bb button_text=\u00bbArriba\u00bb button_alignment=\u00bbright\u00bb _builder_version=\u00bb4.6.2&#8243; _module_preset=\u00bbdefault\u00bb custom_button=\u00bbon\u00bb button_text_color=\u00bb#ffffff\u00bb button_icon=\u00bb%%29%%\u00bb][\/et_pb_button][\/et_pb_column][\/et_pb_row][\/et_pb_section][et_pb_section fb_built=\u00bb1&#8243; module_id=\u00bbAridos\u00bb _builder_version=\u00bb4.6.2&#8243; _module_preset=\u00bb_initial\u00bb background_color=\u00bbrgba(101,156,212,0.8)\u00bb background_image=\u00bbhttp:\/\/dadamhermanos.com.ar\/web\/wp-content\/uploads\/2020\/09\/Fondo-Aridos.png\u00bb parallax=\u00bbon\u00bb max_width=\u00bb100%\u00bb min_height=\u00bb525px\u00bb bottom_divider_style=\u00bbslant2&#8243; bottom_divider_color=\u00bb#ffffff\u00bb bottom_divider_height=\u00bb150px\u00bb][et_pb_row column_structure=\u00bb3_5,2_5&#8243; _builder_version=\u00bb4.6.2&#8243; _module_preset=\u00bbdefault\u00bb background_color=\u00bbrgba(0,0,0,0)\u00bb width=\u00bb100%\u00bb max_width=\u00bb80%\u00bb min_height=\u00bb117px\u00bb custom_padding=\u00bb0px||5px|||\u00bb][et_pb_column type=\u00bb3_5&#8243; _builder_version=\u00bb4.6.1&#8243; _module_preset=\u00bbdefault\u00bb][et_pb_image src=\u00bbhttp:\/\/dadamhermanos.com.ar\/web\/wp-content\/uploads\/2020\/09\/Aridos-lavados.png\u00bb title_text=\u00bbAridos lavados\u00bb _builder_version=\u00bb4.6.2&#8243; _module_preset=\u00bbdefault\u00bb custom_padding=\u00bb|130px|26px|||\u00bb custom_padding_tablet=\u00bb|0px|||false|false\u00bb custom_padding_phone=\u00bb\u00bb custom_padding_last_edited=\u00bbon|tablet\u00bb][\/et_pb_image][et_pb_text _builder_version=\u00bb4.6.2&#8243; _module_preset=\u00bbdefault\u00bb text_text_color=\u00bb#000000&#8243; text_font_size=\u00bb17px\u00bb background_color=\u00bbrgba(255,255,255,0.7)\u00bb custom_padding=\u00bb1px||0px|||\u00bb border_width_all=\u00bb20px\u00bb border_color_all=\u00bbrgba(0,0,0,0)\u00bb]<\/p>\n<p style=\"text-align: justify;\">En pos de la mejora continua de nuestros servicios de provisi\u00f3n de \u00e1ridos, hemos tomado como impronta la de la inversi\u00f3n continua, no solo modernizar el sistema extractivo, sino tambi\u00e9n el de procesamiento de a fin de poder entregar aridos lavados para la construcci\u00f3n, para el hormig\u00f3n elaborado con exigencias de calidad extrictas como lo han sido, por ejemplo, las bases de los molinos e\u00f3licos.<br \/>Sabemos que no solo se trata de aumentar y mejorar la producci\u00f3n, sino tambi\u00e9n de hacerla sostenible a trav\u00e9s de incrementar los est\u00e1ndares ambientales, cuidando de la calidad del producto para aumentar la vida \u00fatil de la obra p\u00fablica y satisfacer la demanda de zona que est\u00e1 en desarrollo.<\/p>\n<p>[\/et_pb_text][\/et_pb_column][et_pb_column type=\u00bb2_5&#8243; _builder_version=\u00bb4.6.1&#8243; _module_preset=\u00bbdefault\u00bb][et_pb_slider show_pagination=\u00bboff\u00bb _builder_version=\u00bb4.6.2&#8243; _module_preset=\u00bbdefault\u00bb background_color=\u00bbrgba(0,0,0,0)\u00bb width=\u00bb100%\u00bb min_height=\u00bb449px\u00bb custom_padding=\u00bb||0px|0px||\u00bb auto=\u00bbon\u00bb][et_pb_slide _builder_version=\u00bb4.6.2&#8243; _module_preset=\u00bbdefault\u00bb header_level=\u00bbh3&#8243; header_font=\u00bb|600|||||||\u00bb background_color=\u00bbrgba(0,0,0,0)\u00bb background_enable_color=\u00bbon\u00bb background_image=\u00bbhttp:\/\/dadamhermanos.com.ar\/web\/wp-content\/uploads\/2020\/09\/Aridos-lavados-3.png\u00bb background_enable_image=\u00bbon\u00bb background_size=\u00bbcontain\u00bb text_orientation=\u00bbcenter\u00bb header_text_align_tablet=\u00bb\u00bb header_text_align_phone=\u00bb\u00bb header_text_align_last_edited=\u00bbon|desktop\u00bb text_shadow_style=\u00bbpreset2&#8243; sticky_transition=\u00bbon\u00bb][\/et_pb_slide][et_pb_slide _builder_version=\u00bb4.6.2&#8243; _module_preset=\u00bbdefault\u00bb header_level=\u00bbh3&#8243; header_font=\u00bb|600|||||||\u00bb header_text_align=\u00bbcenter\u00bb background_color=\u00bbrgba(0,0,0,0)\u00bb background_enable_color=\u00bbon\u00bb background_image=\u00bbhttp:\/\/dadamhermanos.com.ar\/web\/wp-content\/uploads\/2020\/09\/Aridos-lavados-2.png\u00bb background_enable_image=\u00bbon\u00bb background_size=\u00bbcontain\u00bb text_orientation=\u00bbcenter\u00bb text_shadow_style=\u00bbpreset2&#8243; sticky_transition=\u00bbon\u00bb][\/et_pb_slide][et_pb_slide _builder_version=\u00bb4.6.2&#8243; _module_preset=\u00bbdefault\u00bb header_level=\u00bbh3&#8243; header_font=\u00bb|600|||||||\u00bb background_color=\u00bbrgba(0,0,0,0)\u00bb background_enable_color=\u00bbon\u00bb background_image=\u00bbhttp:\/\/dadamhermanos.com.ar\/web\/wp-content\/uploads\/2020\/09\/Aridos-lavados-3.png\u00bb background_enable_image=\u00bbon\u00bb background_size=\u00bbcontain\u00bb text_orientation=\u00bbcenter\u00bb text_shadow_style=\u00bbpreset2&#8243; sticky_transition=\u00bbon\u00bb][\/et_pb_slide][\/et_pb_slider][\/et_pb_column][\/et_pb_row][et_pb_row _builder_version=\u00bb4.6.2&#8243; _module_preset=\u00bbdefault\u00bb][et_pb_column type=\u00bb4_4&#8243; _builder_version=\u00bb4.6.2&#8243; _module_preset=\u00bbdefault\u00bb][\/et_pb_column][\/et_pb_row][et_pb_row _builder_version=\u00bb4.6.2&#8243; _module_preset=\u00bbdefault\u00bb][et_pb_column type=\u00bb4_4&#8243; _builder_version=\u00bb4.6.2&#8243; _module_preset=\u00bbdefault\u00bb][et_pb_button button_url=\u00bb#Somos\u00bb button_text=\u00bbArriba\u00bb button_alignment=\u00bbright\u00bb _builder_version=\u00bb4.6.2&#8243; _module_preset=\u00bbdefault\u00bb custom_button=\u00bbon\u00bb button_text_color=\u00bb#ffffff\u00bb button_icon=\u00bb%%29%%\u00bb][\/et_pb_button][\/et_pb_column][\/et_pb_row][\/et_pb_section][et_pb_section fb_built=\u00bb1&#8243; module_id=\u00bbContenedores\u00bb _builder_version=\u00bb4.6.2&#8243; _module_preset=\u00bb_initial\u00bb background_color=\u00bbrgba(101,156,212,0.8)\u00bb background_image=\u00bbhttp:\/\/dadamhermanos.com.ar\/web\/wp-content\/uploads\/2020\/09\/Fondo-Contenedores.png\u00bb parallax=\u00bbon\u00bb max_width=\u00bb100%\u00bb min_height=\u00bb525px\u00bb bottom_divider_style=\u00bbslant2&#8243; bottom_divider_color=\u00bb#ffffff\u00bb bottom_divider_height=\u00bb150px\u00bb][et_pb_row column_structure=\u00bb3_5,2_5&#8243; _builder_version=\u00bb4.6.2&#8243; _module_preset=\u00bbdefault\u00bb background_color=\u00bbrgba(0,0,0,0)\u00bb width=\u00bb100%\u00bb max_width=\u00bb80%\u00bb min_height=\u00bb117px\u00bb custom_padding=\u00bb0px||5px|||\u00bb][et_pb_column type=\u00bb3_5&#8243; _builder_version=\u00bb4.6.1&#8243; _module_preset=\u00bbdefault\u00bb][et_pb_image src=\u00bbhttp:\/\/dadamhermanos.com.ar\/web\/wp-content\/uploads\/2020\/09\/Alquiler-de-contenedores.png\u00bb title_text=\u00bbAlquiler de contenedores\u00bb _builder_version=\u00bb4.6.2&#8243; _module_preset=\u00bbdefault\u00bb custom_padding=\u00bb|130px|26px|||\u00bb custom_padding_tablet=\u00bb|0px|||false|false\u00bb custom_padding_phone=\u00bb\u00bb custom_padding_last_edited=\u00bbon|tablet\u00bb][\/et_pb_image][et_pb_text _builder_version=\u00bb4.6.2&#8243; _module_preset=\u00bbdefault\u00bb text_text_color=\u00bb#000000&#8243; text_font_size=\u00bb17px\u00bb background_color=\u00bbrgba(255,255,255,0.7)\u00bb custom_padding=\u00bb1px||0px|||\u00bb border_width_all=\u00bb20px\u00bb border_color_all=\u00bbrgba(0,0,0,0)\u00bb]<\/p>\n<p style=\"text-align: justify;\">Nuestro servicio de alquiler de contenedores, en sus diversos formatos, nos permiten proveer de soluciones al sector vial e industrial.<br \/> Con traslado e instalaci\u00f3n en las ubicaciones mas rec\u00f3nditas tenemos contendores preparados para:<br \/> <strong>Modulos Oficinas:<\/strong> 12 mts de largo, con aire acondicionado fr\u00edo\/calor, aislaci\u00f3n t\u00e9rmica y piso flotante. Instalaci\u00f3n el\u00e9ctrica con llave de corte y disyuntor.<br \/> <strong>Tanques de agua:<\/strong> 7000 Lts<br \/> <strong>Obradores:<\/strong> Cerrados de 6 y 12 mts.<br \/> <strong>Acopio de Materiales:<\/strong> \u00c1ridos lavados.<br \/> <strong>Contenedores:<\/strong> Para recolecci\u00f3n de basura, de 5 m3, con y sin tapa.<\/p>\n<p>[\/et_pb_text][\/et_pb_column][et_pb_column type=\u00bb2_5&#8243; _builder_version=\u00bb4.6.1&#8243; _module_preset=\u00bbdefault\u00bb][et_pb_slider show_pagination=\u00bboff\u00bb _builder_version=\u00bb4.6.2&#8243; _module_preset=\u00bbdefault\u00bb background_color=\u00bbrgba(0,0,0,0)\u00bb width=\u00bb100%\u00bb min_height=\u00bb449px\u00bb custom_padding=\u00bb||0px|0px||\u00bb auto=\u00bbon\u00bb][et_pb_slide heading=\u00bbContenedor Agua Potable\u00bb _builder_version=\u00bb4.6.2&#8243; _module_preset=\u00bbdefault\u00bb header_level=\u00bbh3&#8243; header_font=\u00bb|600|||||||\u00bb background_color=\u00bbrgba(0,0,0,0)\u00bb background_enable_color=\u00bbon\u00bb background_image=\u00bbhttp:\/\/dadamhermanos.com.ar\/web\/wp-content\/uploads\/2020\/09\/Contenedores-1.png\u00bb background_enable_image=\u00bbon\u00bb background_size=\u00bbcontain\u00bb text_orientation=\u00bbcenter\u00bb header_text_align_tablet=\u00bb\u00bb header_text_align_phone=\u00bb\u00bb header_text_align_last_edited=\u00bbon|desktop\u00bb text_shadow_style=\u00bbpreset2&#8243; sticky_transition=\u00bbon\u00bb][\/et_pb_slide][et_pb_slide heading=\u00bbContenedor Agua Reuso\u00bb _builder_version=\u00bb4.6.2&#8243; _module_preset=\u00bbdefault\u00bb header_level=\u00bbh3&#8243; header_font=\u00bb|600|||||||\u00bb header_text_align=\u00bbcenter\u00bb background_color=\u00bbrgba(0,0,0,0)\u00bb background_enable_color=\u00bbon\u00bb background_image=\u00bbhttp:\/\/dadamhermanos.com.ar\/web\/wp-content\/uploads\/2020\/09\/Contenedores-2.png\u00bb background_enable_image=\u00bbon\u00bb background_size=\u00bbcontain\u00bb text_orientation=\u00bbcenter\u00bb text_shadow_style=\u00bbpreset2&#8243; sticky_transition=\u00bbon\u00bb][\/et_pb_slide][et_pb_slide heading=\u00bbContenedor Obrador \u00bb _builder_version=\u00bb4.6.2&#8243; _module_preset=\u00bbdefault\u00bb header_level=\u00bbh3&#8243; header_font=\u00bb|600|||||||\u00bb background_color=\u00bbrgba(0,0,0,0)\u00bb background_enable_color=\u00bbon\u00bb background_image=\u00bbhttp:\/\/dadamhermanos.com.ar\/web\/wp-content\/uploads\/2020\/09\/Contendores-3.png\u00bb background_enable_image=\u00bbon\u00bb background_size=\u00bbcontain\u00bb text_orientation=\u00bbcenter\u00bb text_shadow_style=\u00bbpreset2&#8243; sticky_transition=\u00bbon\u00bb][\/et_pb_slide][\/et_pb_slider][\/et_pb_column][\/et_pb_row][et_pb_row _builder_version=\u00bb4.6.2&#8243; _module_preset=\u00bbdefault\u00bb][et_pb_column type=\u00bb4_4&#8243; _builder_version=\u00bb4.6.2&#8243; _module_preset=\u00bbdefault\u00bb][\/et_pb_column][\/et_pb_row][et_pb_row _builder_version=\u00bb4.6.2&#8243; _module_preset=\u00bbdefault\u00bb][et_pb_column type=\u00bb4_4&#8243; _builder_version=\u00bb4.6.2&#8243; _module_preset=\u00bbdefault\u00bb][et_pb_button button_url=\u00bb#Somos\u00bb button_text=\u00bbArriba\u00bb button_alignment=\u00bbright\u00bb _builder_version=\u00bb4.6.2&#8243; _module_preset=\u00bbdefault\u00bb custom_button=\u00bbon\u00bb button_text_color=\u00bb#ffffff\u00bb button_icon=\u00bb%%29%%\u00bb][\/et_pb_button][\/et_pb_column][\/et_pb_row][\/et_pb_section][et_pb_section fb_built=\u00bb1&#8243; module_id=\u00bbEquipamiento\u00bb _builder_version=\u00bb4.6.2&#8243; _module_preset=\u00bb_initial\u00bb background_color=\u00bbrgba(101,156,212,0.8)\u00bb background_image=\u00bbhttp:\/\/dadamhermanos.com.ar\/web\/wp-content\/uploads\/2020\/09\/Fondo-equipamiento.png\u00bb parallax=\u00bbon\u00bb max_width=\u00bb100%\u00bb min_height=\u00bb525px\u00bb bottom_divider_style=\u00bbramp2&#8243; bottom_divider_color=\u00bb#ffffff\u00bb bottom_divider_height=\u00bb150px\u00bb][et_pb_row column_structure=\u00bb3_5,2_5&#8243; _builder_version=\u00bb4.6.2&#8243; _module_preset=\u00bbdefault\u00bb background_color=\u00bbrgba(0,0,0,0)\u00bb width=\u00bb100%\u00bb max_width=\u00bb80%\u00bb min_height=\u00bb117px\u00bb custom_padding=\u00bb0px||5px|||\u00bb][et_pb_column type=\u00bb3_5&#8243; _builder_version=\u00bb4.6.1&#8243; _module_preset=\u00bbdefault\u00bb][et_pb_image src=\u00bbhttp:\/\/dadamhermanos.com.ar\/web\/wp-content\/uploads\/2020\/09\/Equipamiento.png\u00bb title_text=\u00bbEquipamiento\u00bb _builder_version=\u00bb4.6.2&#8243; _module_preset=\u00bbdefault\u00bb custom_padding=\u00bb|130px|26px|||\u00bb custom_padding_tablet=\u00bb|0px|||false|false\u00bb custom_padding_phone=\u00bb\u00bb custom_padding_last_edited=\u00bbon|tablet\u00bb][\/et_pb_image][et_pb_text _builder_version=\u00bb4.6.2&#8243; _module_preset=\u00bbdefault\u00bb text_text_color=\u00bb#000000&#8243; text_font_size=\u00bb17px\u00bb background_color=\u00bbrgba(255,255,255,0.7)\u00bb custom_padding=\u00bb1px||0px|||\u00bb border_width_all=\u00bb20px\u00bb border_color_all=\u00bbrgba(0,0,0,0)\u00bb]<\/p>\n<p><strong>CAMIONETAS<\/strong><br \/>FORD &#8211; NUEVA RANGER CS 4X2 XL 2.5L N<br \/>TOYOTA &#8211; HILUX 4X4 D\/C SRL 2.8 TDI 6 A\/T<br \/>TOYOTA &#8211; HILUX 4X4 D\/C SRL 2.8 TDI 6 M\/T<br \/>TOYOTA &#8211; HILUX 4X4 D\/C SRL 2.8 TDI 6 M\/T<br \/>TOYOTA &#8211; HILUX 4X4 D\/C SRX 2.8 TDI 6 A\/T<br \/>IVECO &#8211; 252-DAILY 70.13 PASO 4180 CAB DOBLE<br \/>TOYOTA &#8211; HILUX 4X2 CABINA DOBLE SR \/AB 3.0 TDI<br \/>TOYOTA &#8211; HILUX 4X4 CABINA DOBLE DX PACK 2.5 TDI<br \/>TOYOTA &#8211; HILUX 4X4 CABINA DOBLE SR 3.0 TDI<br \/>TOYOTA &#8211; HILUX 4X4 C\/D DX PACK ELECT 2.5 TDI &#8211; C3<\/p>\n<p><strong>CAMIONES<\/strong><br \/>IVECO &#8211; 20-170E22<br \/>SCANIA &#8211; TRACTOR C\/CABINA DORM. 568-G440 A6X4<br \/>SCANIA &#8211; TRACTOR C\/CABINA DORM. 452-G360 A4X2<br \/>SCANIA &#8211; TRACTOR C\/CABINA DORM. 452-G360 A4X2<br \/>SCANIA &#8211; TRACTOR C\/CABINA DORM. 569-G400 6X4<br \/>IVECO &#8211; TRACTOR C\/CABINA DORM. DD-170E22TLM2B<br \/>SCANIA &#8211; TRACTOR C\/CABINA DORM. 569-G400 6X4<br \/>IVECO &#8211; 190E31\/99<br \/>IVECO &#8211; 170E22 MLL PASO 4185<br \/>IVECO &#8211; 52-450E32T<br \/>IVECO &#8211; 450E32T<br \/>IVECO &#8211; 170E22T<br \/>IVECO &#8211; 20-170E22<br \/>SCANIA &#8211; G390 A4X2<br \/>IVECO &#8211; 20-170E22<br \/>FIAT &#8211; 619 T1 CABINA MONOPOSTA<\/p>\n<p><strong>ACOPLADOS<\/strong><br \/>RANDON &#8211; SR.BA.03 BATEA NEUMATICA -SEMIREMOLQUE<br \/>RANDOM &#8211; SR.CT.04 &#8211; SEMIREMOLQUE<br \/>RANDOM &#8211; SR.BA.02+01 &#8211; SEMIREMOLQUE<br \/>RANDOM &#8211; SR.BA.02+01 &#8211; SEMIREMOLQUE<br \/>RANDOM &#8211; SR.BA.02+01 &#8211; SEMIREMOLQUE<br \/>RANDON &#8211; SR.BA.03 BATEA NEUMATICA -SEMIREMOLQUE<br \/>AP-SAYI &#8211; SEMIRREMOLQUE TANQUE SE.TQ.02<br \/>PETINARI SEM 8 3 E\/2006<br \/>SAYI &#8211; SEMIRREMOLQUE TANQUE AC.TQ.02<br \/>PETINARI SEM B 3 E \/ 2008<br \/>RANDON &#8211; SR.BA.03 -SEMIREMOLQUE<br \/>RANDON &#8211; SR.BA.03 -SEMIREMOLQUE<br \/>RANDOM &#8211; SR.OS.01+01 &#8211; SEMIREMOLQUE<br \/>RANDOM &#8211; SR.TL.01+01 &#8211; SEMIREMOLQUE<br \/>VIVERTI &#8211; 1953 &#8211; SEMIRREMOLQUE<br \/>RANDOM &#8211; SR CT PL 03 45<br \/>PRATI FRUEHAUF RNR F1F2<\/p>\n<p>[\/et_pb_text][\/et_pb_column][et_pb_column type=\u00bb2_5&#8243; _builder_version=\u00bb4.6.2&#8243; _module_preset=\u00bbdefault\u00bb][et_pb_text _builder_version=\u00bb4.6.2&#8243; _module_preset=\u00bbdefault\u00bb text_text_color=\u00bb#000000&#8243; text_font_size=\u00bb17px\u00bb background_color=\u00bbrgba(255,255,255,0.7)\u00bb custom_padding=\u00bb1px||0px|||\u00bb border_width_all=\u00bb20px\u00bb border_color_all=\u00bbrgba(0,0,0,0)\u00bb]<\/p>\n<p><strong>CAMIONETAS<\/strong><br \/>FORD &#8211; NUEVA RANGER CS 4X2 XL 2.5L N<br \/>TOYOTA &#8211; HILUX 4X4 D\/C SRL 2.8 TDI 6 A\/T<br \/>TOYOTA &#8211; HILUX 4X4 D\/C SRL 2.8 TDI 6 M\/T<br \/>TOYOTA &#8211; HILUX 4X4 D\/C SRL 2.8 TDI 6 M\/T<br \/>TOYOTA &#8211; HILUX 4X4 D\/C SRX 2.8 TDI 6 A\/T<br \/>IVECO &#8211; 252-DAILY 70.13 PASO 4180 CAB DOBLE<br \/>TOYOTA &#8211; HILUX 4X2 CABINA DOBLE SR \/AB 3.0 TDI<br \/>TOYOTA &#8211; HILUX 4X4 CABINA DOBLE DX PACK 2.5 TDI<br \/>TOYOTA &#8211; HILUX 4X4 CABINA DOBLE SR 3.0 TDI<br \/>TOYOTA &#8211; HILUX 4X4 C\/D DX PACK ELECT 2.5 TDI &#8211; C3<\/p>\n<p><strong>CAMIONES<\/strong><br \/>IVECO &#8211; 20-170E22<br \/>SCANIA &#8211; TRACTOR C\/CABINA DORM. 568-G440 A6X4<br \/>SCANIA &#8211; TRACTOR C\/CABINA DORM. 452-G360 A4X2<br \/>SCANIA &#8211; TRACTOR C\/CABINA DORM. 452-G360 A4X2<br \/>SCANIA &#8211; TRACTOR C\/CABINA DORM. 569-G400 6X4<br \/>IVECO &#8211; TRACTOR C\/CABINA DORM. DD-170E22TLM2B<br \/>SCANIA &#8211; TRACTOR C\/CABINA DORM. 569-G400 6X4<br \/>IVECO &#8211; 190E31\/99<br \/>IVECO &#8211; 170E22 MLL PASO 4185<br \/>IVECO &#8211; 52-450E32T<br \/>IVECO &#8211; 450E32T<br \/>IVECO &#8211; 170E22T<br \/>IVECO &#8211; 20-170E22<br \/>SCANIA &#8211; G390 A4X2<br \/>IVECO &#8211; 20-170E22<br \/>FIAT &#8211; 619 T1 CABINA MONOPOSTA<\/p>\n<p><strong>ACOPLADOS<\/strong><br \/>RANDON &#8211; SR.BA.03 BATEA NEUMATICA -SEMIREMOLQUE<br \/>RANDOM &#8211; SR.CT.04 &#8211; SEMIREMOLQUE<br \/>RANDOM &#8211; SR.BA.02+01 &#8211; SEMIREMOLQUE<br \/>RANDOM &#8211; SR.BA.02+01 &#8211; SEMIREMOLQUE<br \/>RANDOM &#8211; SR.BA.02+01 &#8211; SEMIREMOLQUE<br \/>RANDON &#8211; SR.BA.03 BATEA NEUMATICA -SEMIREMOLQUE<br \/>AP-SAYI &#8211; SEMIRREMOLQUE TANQUE SE.TQ.02<br \/>PETINARI SEM 8 3 E\/2006<br \/>SAYI &#8211; SEMIRREMOLQUE TANQUE AC.TQ.02<br \/>PETINARI SEM B 3 E \/ 2008<br \/>RANDON &#8211; SR.BA.03 -SEMIREMOLQUE<br \/>RANDON &#8211; SR.BA.03 -SEMIREMOLQUE<br \/>RANDOM &#8211; SR.OS.01+01 &#8211; SEMIREMOLQUE<br \/>RANDOM &#8211; SR.TL.01+01 &#8211; SEMIREMOLQUE<br \/>VIVERTI &#8211; 1953 &#8211; SEMIRREMOLQUE<br \/>RANDOM &#8211; SR CT PL 03 45<br \/>PRATI FRUEHAUF RNR F1F2<\/p>\n<p>[\/et_pb_text][\/et_pb_column][\/et_pb_row][et_pb_row _builder_version=\u00bb4.6.2&#8243; _module_preset=\u00bbdefault\u00bb][et_pb_column type=\u00bb4_4&#8243; _builder_version=\u00bb4.6.2&#8243; _module_preset=\u00bbdefault\u00bb][\/et_pb_column][\/et_pb_row][et_pb_row _builder_version=\u00bb4.6.2&#8243; _module_preset=\u00bbdefault\u00bb][et_pb_column type=\u00bb4_4&#8243; _builder_version=\u00bb4.6.2&#8243; _module_preset=\u00bbdefault\u00bb][et_pb_button button_url=\u00bb#Somos\u00bb button_text=\u00bbArriba\u00bb button_alignment=\u00bbright\u00bb _builder_version=\u00bb4.6.2&#8243; _module_preset=\u00bbdefault\u00bb custom_button=\u00bbon\u00bb button_text_color=\u00bb#ffffff\u00bb button_icon=\u00bb%%29%%\u00bb][\/et_pb_button][\/et_pb_column][\/et_pb_row][\/et_pb_section][et_pb_section fb_built=\u00bb1&#8243; module_id=\u00bbClientes\u00bb _builder_version=\u00bb4.6.2&#8243; _module_preset=\u00bb_initial\u00bb background_color=\u00bbrgba(101,156,212,0.8)\u00bb background_image=\u00bbhttp:\/\/dadamhermanos.com.ar\/web\/wp-content\/uploads\/2020\/09\/Fondo-clientes.png\u00bb parallax=\u00bbon\u00bb max_width=\u00bb100%\u00bb min_height=\u00bb525px\u00bb][et_pb_row column_structure=\u00bb3_5,2_5&#8243; _builder_version=\u00bb4.6.2&#8243; _module_preset=\u00bbdefault\u00bb background_color=\u00bbrgba(0,0,0,0)\u00bb width=\u00bb100%\u00bb max_width=\u00bb80%\u00bb min_height=\u00bb117px\u00bb custom_padding=\u00bb0px||5px|||\u00bb][et_pb_column type=\u00bb3_5&#8243; _builder_version=\u00bb4.6.1&#8243; _module_preset=\u00bbdefault\u00bb][et_pb_image src=\u00bbhttp:\/\/dadamhermanos.com.ar\/web\/wp-content\/uploads\/2020\/09\/Principales-clientes.png\u00bb title_text=\u00bbPrincipales clientes\u00bb _builder_version=\u00bb4.6.2&#8243; _module_preset=\u00bbdefault\u00bb custom_padding=\u00bb|130px|26px|||\u00bb custom_padding_tablet=\u00bb|0px|||false|false\u00bb custom_padding_phone=\u00bb\u00bb custom_padding_last_edited=\u00bbon|tablet\u00bb][\/et_pb_image][et_pb_text _builder_version=\u00bb4.6.2&#8243; _module_preset=\u00bbdefault\u00bb text_text_color=\u00bb#000000&#8243; text_font_size=\u00bb17px\u00bb background_color=\u00bbrgba(255,255,255,0.7)\u00bb custom_padding=\u00bb1px||0px|||\u00bb border_width_all=\u00bb20px\u00bb border_color_all=\u00bbrgba(0,0,0,0)\u00bb]<\/p>\n<p style=\"text-align: justify;\">ALUAR SA<br \/>INFA S.A.<br \/>EMINCO PATAGONIA SRL<br \/>MUNICIPALIDAD DE PUERTO MADRYN.<br \/>ADMINISTRACION PORTUARIA DE PUERTO MADRYN<br \/>NAVARRO CONSTRUCCIONES<br \/>MILICIC S.A.<br \/>ROSSETI ENGENHARIA<br \/>PROSEL MONTAJES<br \/>BETONSUR S.R.L.<br \/>ALE HEAVYLIFT AUSTRAL S.A.<br \/>DISTEL<br \/>ISOTRON<br \/>NORDEX WINDPOWER<br \/>SUDELCO<br \/>GENNEIA<br \/>LOGINTER<br \/>MIRABELLA S.R.L.<br \/>REFMAR S.R.L.<br \/>GRECIAMAR<br \/>BUEN D\u00cdA CONSTRUCCIONES<br \/>CONARQ CONSTRUCCIONES S.R.L.<br \/>DESUR S.A.<br \/>BLANCHET<br \/>FOOD PARTNERS PATAGONIA S.A.<br \/>SERVA CONSTRUCCIONES<br \/>RUTA 40<br \/>PATAGONIA ESTIBAJES<br \/>ALBAMAR S.R.L.<\/p>\n<p>[\/et_pb_text][\/et_pb_column][et_pb_column type=\u00bb2_5&#8243; _builder_version=\u00bb4.6.1&#8243; _module_preset=\u00bbdefault\u00bb][\/et_pb_column][\/et_pb_row][et_pb_row _builder_version=\u00bb4.6.2&#8243; _module_preset=\u00bbdefault\u00bb][et_pb_column type=\u00bb4_4&#8243; _builder_version=\u00bb4.6.2&#8243; _module_preset=\u00bbdefault\u00bb][\/et_pb_column][\/et_pb_row][et_pb_row _builder_version=\u00bb4.6.2&#8243; _module_preset=\u00bbdefault\u00bb][et_pb_column type=\u00bb4_4&#8243; _builder_version=\u00bb4.6.2&#8243; _module_preset=\u00bbdefault\u00bb][et_pb_button button_url=\u00bb#Somos\u00bb button_text=\u00bbArriba\u00bb button_alignment=\u00bbright\u00bb _builder_version=\u00bb4.6.2&#8243; _module_preset=\u00bbdefault\u00bb custom_button=\u00bbon\u00bb button_text_color=\u00bb#ffffff\u00bb button_icon=\u00bb%%29%%\u00bb][\/et_pb_button][\/et_pb_column][\/et_pb_row][\/et_pb_section][et_pb_section fb_built=\u00bb1&#8243; _builder_version=\u00bb4.6.2&#8243; _module_preset=\u00bbdefault\u00bb][\/et_pb_section]<\/p>\n","protected":false},"excerpt":{"rendered":"<p>[et_pb_section fb_built=\u00bb1&#8243; disabled_on=\u00bboff|off|on\u00bb _builder_version=\u00bb4.6.2&#8243; _module_preset=\u00bb8bfb0ac3-f6b1-43fe-958b-82dce3d9caff\u00bb background_color=\u00bbrgba(101,156,212,0.86)\u00bb background_image=\u00bbhttp:\/\/dadamhermanos.com.ar\/web\/wp-content\/uploads\/2020\/09\/Foto-quienes-somos.png\u00bb parallax=\u00bbon\u00bb max_width=\u00bb100%\u00bb min_height=\u00bb848px\u00bb bottom_divider_style=\u00bbslant2&#8243; bottom_divider_color=\u00bb#ffffff\u00bb bottom_divider_height=\u00bb150px\u00bb hover_enabled=\u00bb0&#8243; sticky_enabled=\u00bb0&#8243;][et_pb_row disabled_on=\u00bboff|off|on\u00bb _builder_version=\u00bb4.6.2&#8243; _module_preset=\u00bbdefault\u00bb background_color=\u00bbrgba(0,0,0,0)\u00bb width=\u00bb100%\u00bb max_width=\u00bb80%\u00bb min_height=\u00bb444px\u00bb custom_padding=\u00bb0px||5px|||\u00bb][et_pb_column type=\u00bb4_4&#8243; _builder_version=\u00bb4.6.1&#8243; _module_preset=\u00bbdefault\u00bb][et_pb_image src=\u00bbhttp:\/\/dadamhermanos.com.ar\/web\/wp-content\/uploads\/2020\/09\/Logo-completo-grande.png\u00bb title_text=\u00bbLogo completo grande\u00bb align=\u00bbcenter\u00bb _builder_version=\u00bb4.6.2&#8243; _module_preset=\u00bbdefault\u00bb][\/et_pb_image][\/et_pb_column][\/et_pb_row][\/et_pb_section][et_pb_section fb_built=\u00bb1&#8243; module_id=\u00bbSomos\u00bb _builder_version=\u00bb4.6.2&#8243; _module_preset=\u00bb8bfb0ac3-f6b1-43fe-958b-82dce3d9caff\u00bb background_color=\u00bbrgba(101,156,212,0.86)\u00bb background_image=\u00bbhttp:\/\/dadamhermanos.com.ar\/web\/wp-content\/uploads\/2020\/09\/Foto-quienes-somos.png\u00bb parallax=\u00bbon\u00bb max_width=\u00bb100%\u00bb min_height=\u00bb848px\u00bb bottom_divider_style=\u00bbslant2&#8243; bottom_divider_color=\u00bb#ffffff\u00bb bottom_divider_height=\u00bb150px\u00bb][et_pb_row column_structure=\u00bb2_3,1_3&#8243; _builder_version=\u00bb4.6.1&#8243; _module_preset=\u00bbdefault\u00bb background_color=\u00bbrgba(0,0,0,0)\u00bb width=\u00bb100%\u00bb max_width=\u00bb80%\u00bb min_height=\u00bb444px\u00bb custom_padding=\u00bb0px||5px|||\u00bb][et_pb_column type=\u00bb2_3&#8243; _builder_version=\u00bb4.6.1&#8243; [&hellip;]<\/p>\n","protected":false},"author":2,"featured_media":0,"parent":0,"menu_order":0,"comment_status":"closed","ping_status":"closed","template":"","meta":{"_et_pb_use_builder":"on","_et_pb_old_content":"","_et_gb_content_width":"","footnotes":""},"class_list":["post-59","page","type-page","status-publish","hentry"],"_links":{"self":[{"href":"http:\/\/dadamhermanos.com.ar\/web\/wp-json\/wp\/v2\/pages\/59","targetHints":{"allow":["GET"]}}],"collection":[{"href":"http:\/\/dadamhermanos.com.ar\/web\/wp-json\/wp\/v2\/pages"}],"about":[{"href":"http:\/\/dadamhermanos.com.ar\/web\/wp-json\/wp\/v2\/types\/page"}],"author":[{"embeddable":true,"href":"http:\/\/dadamhermanos.com.ar\/web\/wp-json\/wp\/v2\/users\/2"}],"replies":[{"embeddable":true,"href":"http:\/\/dadamhermanos.com.ar\/web\/wp-json\/wp\/v2\/comments?post=59"}],"version-history":[{"count":32,"href":"http:\/\/dadamhermanos.com.ar\/web\/wp-json\/wp\/v2\/pages\/59\/revisions"}],"predecessor-version":[{"id":177,"href":"http:\/\/dadamhermanos.com.ar\/web\/wp-json\/wp\/v2\/pages\/59\/revisions\/177"}],"wp:attachment":[{"href":"http:\/\/dadamhermanos.com.ar\/web\/wp-json\/wp\/v2\/media?parent=59"}],"curies":[{"name":"wp","href":"https:\/\/api.w.org\/{rel}","templated":true}]}}